{"id":11612,"date":"2022-03-29T22:54:20","date_gmt":"2022-03-29T20:54:20","guid":{"rendered":"https:\/\/ts.at\/de\/?page_id=11612"},"modified":"2025-09-03T13:38:34","modified_gmt":"2025-09-03T11:38:34","slug":"individuelle-makenvertraege-ts-at","status":"publish","type":"page","link":"https:\/\/ts.at\/de\/individuelle-markenvertraege\/","title":{"rendered":"Individuelle Markenvertr\u00e4ge"},"content":{"rendered":"<p><\/p>\n<p>&nbsp;<\/p>\n<h2><strong>Ma\u00dfgeschneiderte Markenvertr\u00e4ge oder markenrechtliche Vertragsklauseln vom Anwalt?<\/strong><\/h2>\n<p>Durch unsere langj\u00e4hrige Erfahrung wissen wir, worauf es ankommt, um ma\u00dfgeschneiderte Markenvertr\u00e4ge oder markenrechtliche Vertragsklauseln zu entwerfen, die Ihre wirtschaftlichen Interessen optimal sch\u00fctzen.<\/p>\n<p style=\"text-align: center;\"><a class=\"maxbutton-11 maxbutton maxbutton-markenrecht-formular\" href=\"https:\/\/ts.at\/de\/gratis-rueckruf-markenrecht\/\"><span class='mb-text'>GRATIS R\u00dcCKRUF<\/span><\/a><\/p>\n<h2><strong>Bei welchen Markenvertr\u00e4gen und markenrechtlichen Vertragsklauseln wir Sie unterst\u00fctzen?<\/strong><\/h2>\n<ul>\n<li>markenrechtliche Lizenzvertr\u00e4ge<\/li>\n<li>Abgrenzungsvereinbarungen (Koexistenzvereinbarungen)<\/li>\n<li>markenrechtliche Vertragsklauseln aller Art (zB Franchisevertr\u00e4ge, Vertriebsvertr\u00e4ge)<\/li>\n<\/ul>\n<h2><strong>Welche Leistungen bieten wir an?<\/strong><\/h2>\n<ul>\n<li>Erstellen von Markenvertr\u00e4gen und markenrechtlichen Vertragsklauseln<\/li>\n<li>Pr\u00fcfen von bestehenden Markenvertr\u00e4gen und markenrechtlichen Vertragsklauseln<\/li>\n<\/ul>\n<h2><strong>Was kosten ma\u00dfgeschneiderte Markenvertr\u00e4ge oder markenrechtliche Vertragsklauseln vom Anwalt?<\/strong><\/h2>\n<p>Wir erbringen unsere Leistungen auf Basis eines Stundensatzes von netto \u20ac 380,-. Nachdem wir mit Ihnen in einem kostenlosen und unverbindlichen Erstgespr\u00e4ch er\u00f6rtert haben, welchen Bedarf an einem Markenvertrag oder einer markenrechtlichen Vertragsklausel Sie haben, werden wir Ihnen eine Sch\u00e4tzung unseres ungef\u00e4hren Zeitaufwandes bekanntgeben.<\/p>\n<h2><strong>Was ist zu tun?<\/strong><\/h2>\n<p>Rufen Sie uns an oder f\u00fcllen Sie unser Kontaktformular aus. Im Anschluss erhalten Sie einen kostenlosen R\u00fcckruf samt unverbindlicher Preisauskunft.<\/p>\n<p style=\"text-align: center;\"><a class=\"maxbutton-11 maxbutton maxbutton-markenrecht-formular\" href=\"https:\/\/ts.at\/de\/gratis-rueckruf-markenrecht\/\"><span class='mb-text'>GRATIS R\u00dcCKRUF<\/span><\/a><a class=\"maxbutton-2 maxbutton maxbutton-anruf-button\" title=\"Jetzt anrufen\" href=\"tel:+4312184440\"><span class='mb-text'>\u260e +43 1 218 44 40<\/span><\/a><\/p>\n<p>Wir freuen uns auf Ihre Kontaktaufnahme!<\/p>\n<p><a href=\"https:\/\/ts.at\/wp-content\/uploads\/2022\/03\/tonninger-albrecht-grafik.png\"><img loading=\"lazy\" decoding=\"async\" class=\"alignnone size-medium wp-image-11615\" src=\"https:\/\/ts.at\/wp-content\/uploads\/2022\/03\/tonninger-albrecht-grafik-300x85.png\" alt=\"\" width=\"300\" height=\"85\" srcset=\"https:\/\/ts.at\/wp-content\/uploads\/2022\/03\/tonninger-albrecht-grafik-300x85.png 300w, https:\/\/ts.at\/wp-content\/uploads\/2022\/03\/tonninger-albrecht-grafik-768x217.png 768w, https:\/\/ts.at\/wp-content\/uploads\/2022\/03\/tonninger-albrecht-grafik-566x160.png 566w, https:\/\/ts.at\/wp-content\/uploads\/2022\/03\/tonninger-albrecht-grafik-260x74.png 260w, https:\/\/ts.at\/wp-content\/uploads\/2022\/03\/tonninger-albrecht-grafik-908x257.png 908w, https:\/\/ts.at\/wp-content\/uploads\/2022\/03\/tonninger-albrecht-grafik-296x84.png 296w, https:\/\/ts.at\/wp-content\/uploads\/2022\/03\/tonninger-albrecht-grafik-164x46.png 164w, https:\/\/ts.at\/wp-content\/uploads\/2022\/03\/tonninger-albrecht-grafik-602x170.png 602w, https:\/\/ts.at\/wp-content\/uploads\/2022\/03\/tonninger-albrecht-grafik.png 948w\" sizes=\"auto, (max-width: 300px) 100vw, 300px\" \/><\/a><\/p>\n<p><strong>Dr. Bernhard Tonninger &amp; Mag. Dr. Markus Albrecht<\/strong><\/p>\n<p style=\"text-align: center;\">\u00a0<\/p>\n<p>&nbsp;<\/p>\n<p>&nbsp;<\/p>\n<p><\/p>","protected":false},"excerpt":{"rendered":"<p>&nbsp; Ma\u00dfgeschneiderte Markenvertr\u00e4ge oder markenrechtliche Vertragsklauseln vom Anwalt? Durch unsere langj\u00e4hrige Erfahrung wissen wir, worauf es ankommt, um ma\u00dfgeschneiderte Markenvertr\u00e4ge oder markenrechtliche Vertragsklauseln zu entwerfen, die Ihre wirtschaftlichen Interessen optimal sch\u00fctzen. Bei welchen Markenvertr\u00e4gen und markenrechtlichen Vertragsklauseln wir Sie unterst\u00fctzen? markenrechtliche Lizenzvertr\u00e4ge Abgrenzungsvereinbarungen (Koexistenzvereinbarungen) markenrechtliche Vertragsklauseln aller Art (zB Franchisevertr\u00e4ge, Vertriebsvertr\u00e4ge) Welche Leistungen bieten wir<\/p>\n","protected":false},"author":9,"featured_media":296,"parent":0,"menu_order":0,"comment_status":"closed","ping_status":"closed","template":"","meta":{"_acf_changed":false,"footnotes":""},"class_list":["post-11612","page","type-page","status-publish","has-post-thumbnail","hentry"],"acf":[],"yoast_head":"<!-- This site is optimized with the Yoast SEO plugin v27.4 - https:\/\/yoast.com\/product\/yoast-seo-wordpress\/ -->\n<title>Individuelle Markenvertr\u00e4ge &#8211; TS&amp;P<\/title>\n<meta name=\"description\" content=\"Ma\u00dfgeschneiderte Markenvertr\u00e4ge und markenrechtliche Vertragsklauseln, zum optimalen Schutz Ihrer wirtschaftlichen Interessen.\" \/>\n<meta name=\"robots\" content=\"index, follow, max-snippet:-1, max-image-preview:large, max-video-preview:-1\" \/>\n<link rel=\"canonical\" href=\"https:\/\/ts.at\/de\/individuelle-markenvertraege\/\" \/>\n<meta property=\"og:locale\" content=\"de_DE\" \/>\n<meta property=\"og:type\" content=\"article\" \/>\n<meta property=\"og:title\" content=\"Individuelle Markenvertr\u00e4ge &#8211; TS&amp;P\" \/>\n<meta property=\"og:description\" content=\"{:de}Ma\u00dfgeschneiderte Markenvertr\u00e4ge und markenrechtliche Vertragsklauseln, zum optimalen Schutz Ihrer wirtschaftlichen Interessen.{:}\" \/>\n<meta property=\"og:url\" content=\"https:\/\/ts.at\/de\/individuelle-markenvertraege\/\" \/>\n<meta property=\"og:site_name\" content=\"TS&amp;P\" \/>\n<meta property=\"article:modified_time\" content=\"2025-09-03T11:38:34+00:00\" \/>\n<meta property=\"og:image\" content=\"https:\/\/ts.at\/wp-content\/uploads\/2013\/05\/headerblank.jpg\" \/>\n\t<meta property=\"og:image:width\" content=\"914\" \/>\n\t<meta property=\"og:image:height\" content=\"108\" \/>\n\t<meta property=\"og:image:type\" content=\"image\/jpeg\" \/>\n<meta name=\"twitter:card\" content=\"summary_large_image\" \/>\n<meta name=\"twitter:label1\" content=\"Gesch\u00e4tzte Lesezeit\" \/>\n\t<meta name=\"twitter:data1\" content=\"2\u00a0Minuten\" \/>\n<script type=\"application\/ld+json\" class=\"yoast-schema-graph\">{\"@context\":\"https:\\\/\\\/schema.org\",\"@graph\":[{\"@type\":\"WebPage\",\"@id\":\"https:\\\/\\\/ts.at\\\/de\\\/individuelle-markenvertraege\\\/\",\"url\":\"https:\\\/\\\/ts.at\\\/de\\\/individuelle-markenvertraege\\\/\",\"name\":\"Individuelle Markenvertr\u00e4ge &#8211; TS&amp;P\",\"isPartOf\":{\"@id\":\"https:\\\/\\\/ts.at\\\/de\\\/#website\"},\"primaryImageOfPage\":{\"@id\":\"https:\\\/\\\/ts.at\\\/de\\\/individuelle-markenvertraege\\\/#primaryimage\"},\"image\":{\"@id\":\"https:\\\/\\\/ts.at\\\/de\\\/individuelle-markenvertraege\\\/#primaryimage\"},\"thumbnailUrl\":\"https:\\\/\\\/ts.at\\\/wp-content\\\/uploads\\\/2013\\\/05\\\/headerblank.jpg\",\"datePublished\":\"2022-03-29T20:54:20+00:00\",\"dateModified\":\"2025-09-03T11:38:34+00:00\",\"description\":\"{:de}Ma\u00dfgeschneiderte Markenvertr\u00e4ge und markenrechtliche Vertragsklauseln, zum optimalen Schutz Ihrer wirtschaftlichen Interessen.{:}\",\"breadcrumb\":{\"@id\":\"https:\\\/\\\/ts.at\\\/de\\\/individuelle-markenvertraege\\\/#breadcrumb\"},\"inLanguage\":\"de\",\"potentialAction\":[{\"@type\":\"ReadAction\",\"target\":[\"https:\\\/\\\/ts.at\\\/de\\\/individuelle-markenvertraege\\\/\"]}]},{\"@type\":\"ImageObject\",\"inLanguage\":\"de\",\"@id\":\"https:\\\/\\\/ts.at\\\/de\\\/individuelle-markenvertraege\\\/#primaryimage\",\"url\":\"https:\\\/\\\/ts.at\\\/wp-content\\\/uploads\\\/2013\\\/05\\\/headerblank.jpg\",\"contentUrl\":\"https:\\\/\\\/ts.at\\\/wp-content\\\/uploads\\\/2013\\\/05\\\/headerblank.jpg\",\"width\":914,\"height\":108},{\"@type\":\"BreadcrumbList\",\"@id\":\"https:\\\/\\\/ts.at\\\/de\\\/individuelle-markenvertraege\\\/#breadcrumb\",\"itemListElement\":[{\"@type\":\"ListItem\",\"position\":1,\"name\":\"Home\",\"item\":\"https:\\\/\\\/ts.at\\\/de\\\/\"},{\"@type\":\"ListItem\",\"position\":2,\"name\":\"Individuelle Markenvertr\u00e4ge\"}]},{\"@type\":\"WebSite\",\"@id\":\"https:\\\/\\\/ts.at\\\/de\\\/#website\",\"url\":\"https:\\\/\\\/ts.at\\\/de\\\/\",\"name\":\"Tonninger Schermaier & Partner\",\"description\":\"Rechtsanw\u00e4lte\",\"alternateName\":\"TS & P\",\"potentialAction\":[{\"@type\":\"SearchAction\",\"target\":{\"@type\":\"EntryPoint\",\"urlTemplate\":\"https:\\\/\\\/ts.at\\\/de\\\/?s={search_term_string}\"},\"query-input\":{\"@type\":\"PropertyValueSpecification\",\"valueRequired\":true,\"valueName\":\"search_term_string\"}}],\"inLanguage\":\"de\"}]}<\/script>\n<!-- \/ Yoast SEO plugin. -->","yoast_head_json":{"title":"Individuelle Markenvertr\u00e4ge &#8211; TS&amp;P","description":"Ma\u00dfgeschneiderte Markenvertr\u00e4ge und markenrechtliche Vertragsklauseln, zum optimalen Schutz Ihrer wirtschaftlichen Interessen.","robots":{"index":"index","follow":"follow","max-snippet":"max-snippet:-1","max-image-preview":"max-image-preview:large","max-video-preview":"max-video-preview:-1"},"canonical":"https:\/\/ts.at\/de\/individuelle-markenvertraege\/","og_locale":"de_DE","og_type":"article","og_title":"Individuelle Markenvertr\u00e4ge &#8211; TS&amp;P","og_description":"{:de}Ma\u00dfgeschneiderte Markenvertr\u00e4ge und markenrechtliche Vertragsklauseln, zum optimalen Schutz Ihrer wirtschaftlichen Interessen.{:}","og_url":"https:\/\/ts.at\/de\/individuelle-markenvertraege\/","og_site_name":"TS&amp;P","article_modified_time":"2025-09-03T11:38:34+00:00","og_image":[{"width":914,"height":108,"url":"https:\/\/ts.at\/wp-content\/uploads\/2013\/05\/headerblank.jpg","type":"image\/jpeg"}],"twitter_card":"summary_large_image","twitter_misc":{"Gesch\u00e4tzte Lesezeit":"2\u00a0Minuten"},"schema":{"@context":"https:\/\/schema.org","@graph":[{"@type":"WebPage","@id":"https:\/\/ts.at\/de\/individuelle-markenvertraege\/","url":"https:\/\/ts.at\/de\/individuelle-markenvertraege\/","name":"Individuelle Markenvertr\u00e4ge &#8211; TS&amp;P","isPartOf":{"@id":"https:\/\/ts.at\/de\/#website"},"primaryImageOfPage":{"@id":"https:\/\/ts.at\/de\/individuelle-markenvertraege\/#primaryimage"},"image":{"@id":"https:\/\/ts.at\/de\/individuelle-markenvertraege\/#primaryimage"},"thumbnailUrl":"https:\/\/ts.at\/wp-content\/uploads\/2013\/05\/headerblank.jpg","datePublished":"2022-03-29T20:54:20+00:00","dateModified":"2025-09-03T11:38:34+00:00","description":"{:de}Ma\u00dfgeschneiderte Markenvertr\u00e4ge und markenrechtliche Vertragsklauseln, zum optimalen Schutz Ihrer wirtschaftlichen Interessen.{:}","breadcrumb":{"@id":"https:\/\/ts.at\/de\/individuelle-markenvertraege\/#breadcrumb"},"inLanguage":"de","potentialAction":[{"@type":"ReadAction","target":["https:\/\/ts.at\/de\/individuelle-markenvertraege\/"]}]},{"@type":"ImageObject","inLanguage":"de","@id":"https:\/\/ts.at\/de\/individuelle-markenvertraege\/#primaryimage","url":"https:\/\/ts.at\/wp-content\/uploads\/2013\/05\/headerblank.jpg","contentUrl":"https:\/\/ts.at\/wp-content\/uploads\/2013\/05\/headerblank.jpg","width":914,"height":108},{"@type":"BreadcrumbList","@id":"https:\/\/ts.at\/de\/individuelle-markenvertraege\/#breadcrumb","itemListElement":[{"@type":"ListItem","position":1,"name":"Home","item":"https:\/\/ts.at\/de\/"},{"@type":"ListItem","position":2,"name":"Individuelle Markenvertr\u00e4ge"}]},{"@type":"WebSite","@id":"https:\/\/ts.at\/de\/#website","url":"https:\/\/ts.at\/de\/","name":"Tonninger Schermaier & Partner","description":"Rechtsanw\u00e4lte","alternateName":"TS & P","potentialAction":[{"@type":"SearchAction","target":{"@type":"EntryPoint","urlTemplate":"https:\/\/ts.at\/de\/?s={search_term_string}"},"query-input":{"@type":"PropertyValueSpecification","valueRequired":true,"valueName":"search_term_string"}}],"inLanguage":"de"}]}},"_links":{"self":[{"href":"https:\/\/ts.at\/de\/wp-json\/wp\/v2\/pages\/11612","targetHints":{"allow":["GET"]}}],"collection":[{"href":"https:\/\/ts.at\/de\/wp-json\/wp\/v2\/pages"}],"about":[{"href":"https:\/\/ts.at\/de\/wp-json\/wp\/v2\/types\/page"}],"author":[{"embeddable":true,"href":"https:\/\/ts.at\/de\/wp-json\/wp\/v2\/users\/9"}],"replies":[{"embeddable":true,"href":"https:\/\/ts.at\/de\/wp-json\/wp\/v2\/comments?post=11612"}],"version-history":[{"count":12,"href":"https:\/\/ts.at\/de\/wp-json\/wp\/v2\/pages\/11612\/revisions"}],"predecessor-version":[{"id":12507,"href":"https:\/\/ts.at\/de\/wp-json\/wp\/v2\/pages\/11612\/revisions\/12507"}],"wp:featuredmedia":[{"embeddable":true,"href":"https:\/\/ts.at\/de\/wp-json\/wp\/v2\/media\/296"}],"wp:attachment":[{"href":"https:\/\/ts.at\/de\/wp-json\/wp\/v2\/media?parent=11612"}],"curies":[{"name":"wp","href":"https:\/\/api.w.org\/{rel}","templated":true}]}}